{"id":9,"date":"2019-08-06T15:00:07","date_gmt":"2019-08-06T13:00:07","guid":{"rendered":"http:\/\/physio.de.korti.me\/?page_id=9"},"modified":"2026-04-22T20:36:36","modified_gmt":"2026-04-22T18:36:36","slug":"home-2","status":"publish","type":"page","link":"https:\/\/www.buergerliste-linsengericht.de\/","title":{"rendered":"Home"},"content":{"rendered":"<p>[et_pb_section fb_built=&#8220;1&#8243; fullwidth=&#8220;on&#8220; _builder_version=&#8220;4.16&#8243; min_height=&#8220;94px&#8220; global_colors_info=&#8220;{}&#8220;][et_pb_fullwidth_header header_scroll_down=&#8220;on&#8220; _builder_version=&#8220;4.18.0&#8243; min_height=&#8220;135px&#8220; custom_margin=&#8220;||1px||false|false&#8220; custom_padding=&#8220;10px||44px|||&#8220; global_colors_info=&#8220;{}&#8220;]<\/p>\n<p><strong>WILLKOMMEN BEI DER B\u00dcRGERLISTE \/ FREIE W\u00c4HLERGEMEINSCHAFT LINSENGERICHT! Wir freuen uns \u00fcber Ihren Besuch und stellen Ihnen hier auf unserer Homepage viele wissenswerte und interessante Informationen zur Kommunalpolitik im Linsengericht vor. Auf dem folgenden Bild sehen Sie von links nach rechts unseren Vorstand: Dirk Seybold (2. Vorsitzender), Klaus Balzer (Kassierer), Heinz Breitenbach (Beisitzer Gro\u00dfenhausen), <\/strong><strong>Annette Braun (Beisitzerin Geislitz), Ruben Hundhausen (1. Vorsitzender), Nicole Dein (B\u00fcrgermeisterkandidatin), Prof. Dr. Matthias Rohde (Schriftf\u00fchrer) und Sebastian Dein (Pressewart)<\/strong><strong>\u00a0<\/strong><\/p>\n<p><strong><\/strong><\/p>\n<p><strong><\/strong><\/p>\n<p><strong><\/strong><\/p>\n<p><strong><\/strong><\/p>\n<p>[\/et_pb_fullwidth_header][\/et_pb_section][et_pb_section fb_built=&#8220;1&#8243; fullwidth=&#8220;on&#8220; _builder_version=&#8220;4.16&#8243; _module_preset=&#8220;default&#8220; global_colors_info=&#8220;{}&#8220;][et_pb_fullwidth_image src=&#8220;https:\/\/www.buergerliste-linsengericht.de\/wp-content\/uploads\/2025\/09\/Vorstand-Kandidatin.jpg&#8220; title_text=&#8220;Vorstand + Kandidatin&#8220; src_last_edited=&#8220;off|desktop&#8220; _builder_version=&#8220;4.27.4&#8243; _module_preset=&#8220;default&#8220; global_colors_info=&#8220;{}&#8220; src__hover_enabled=&#8220;off|desktop&#8220;][\/et_pb_fullwidth_image][\/et_pb_section][et_pb_section fb_built=&#8220;1&#8243; _builder_version=&#8220;4.16&#8243; min_height=&#8220;350px&#8220; global_colors_info=&#8220;{}&#8220;][et_pb_row column_structure=&#8220;1_3,1_3,1_3&#8243; _builder_version=&#8220;4.27.5&#8243; background_color=&#8220;RGBA(255,255,255,0)&#8220; width_tablet=&#8220;50%&#8220; width_phone=&#8220;80%&#8220; width_last_edited=&#8220;on|tablet&#8220; min_height=&#8220;401px&#8220; custom_padding=&#8220;||0px|||&#8220; global_colors_info=&#8220;{}&#8220;][et_pb_column type=&#8220;1_3&#8243; _builder_version=&#8220;4.16&#8243; global_colors_info=&#8220;{}&#8220;][et_pb_text _builder_version=&#8220;4.27.5&#8243; header_text_align=&#8220;center&#8220; header_text_color=&#8220;#ffffff&#8220; header_font_size=&#8220;16px&#8220; background_color=&#8220;#f09005&#8243; height=&#8220;67px&#8220; custom_margin=&#8220;-9px||-3px||false|false&#8220; global_colors_info=&#8220;{}&#8220;]<\/p>\n<h1><b>Unsere aktuelle Fraktion in der neuen Gemeindevertretung Linsengericht:<\/b><span style=\"color: #ffffff;\"><\/span><\/h1>\n<p>[\/et_pb_text][et_pb_text _builder_version=&#8220;4.27.6&#8243; text_font=&#8220;Verdana||||||||&#8220; text_text_color=&#8220;#000000&#8243; text_font_size=&#8220;13px&#8220; text_letter_spacing=&#8220;2px&#8220; text_line_height=&#8220;1.1em&#8220; header_text_color=&#8220;#000000&#8243; header_font_size=&#8220;14px&#8220; header_line_height=&#8220;1.1em&#8220; background_color=&#8220;rgba(0,0,0,0)&#8220; use_background_color_gradient=&#8220;on&#8220; background_color_gradient_direction=&#8220;177deg&#8220; background_color_gradient_stops=&#8220;rgba(0,0,0,0) 8%|rgba(0,0,0,0) 100%&#8220; background_color_gradient_start=&#8220;rgba(0,0,0,0)&#8220; background_color_gradient_start_position=&#8220;8%&#8220; background_color_gradient_end=&#8220;rgba(0,0,0,0)&#8220; text_orientation=&#8220;center&#8220; background_layout=&#8220;dark&#8220; max_width=&#8220;100%&#8220; height=&#8220;221px&#8220; custom_margin=&#8220;||-28px||false|false&#8220; custom_padding=&#8220;||0px||false|false&#8220; hover_enabled=&#8220;0&#8243; border_radii=&#8220;off||||&#8220; border_width_all=&#8220;2px&#8220; border_color_all=&#8220;rgba(239,161,52,0.8)&#8220; border_style_all=&#8220;dashed&#8220; border_width_right=&#8220;0px&#8220; border_style_right=&#8220;none&#8220; box_shadow_style=&#8220;preset1&#8243; global_colors_info=&#8220;{}&#8220; sticky_enabled=&#8220;0&#8243;]<\/p>\n<p><img loading=\"lazy\" decoding=\"async\" src=\"https:\/\/www.buergerliste-linsengericht.de\/wp-content\/uploads\/2026\/04\/Fraktion-240x300.jpg\" width=\"199\" height=\"249\" alt=\"\" class=\"wp-image-2481 alignnone size-medium\" \/><\/p>\n<p>[\/et_pb_text][\/et_pb_column][et_pb_column type=&#8220;1_3&#8243; _builder_version=&#8220;4.16&#8243; global_colors_info=&#8220;{}&#8220;][et_pb_text _builder_version=&#8220;4.18.0&#8243; header_text_align=&#8220;center&#8220; header_text_color=&#8220;#ffffff&#8220; header_font_size=&#8220;16px&#8220; background_color=&#8220;#f09005&#8243; height=&#8220;67px&#8220; custom_margin=&#8220;-9px||-3px||false|false&#8220; locked=&#8220;off&#8220; global_colors_info=&#8220;{}&#8220;]<\/p>\n<h1><b>Termine Termine Termine&#8230;:<\/b><b><\/b><\/h1>\n<p>&nbsp;<\/p>\n<p>12. Mai: Sitzung der neuen Gemeindevertretung, Zehntscheune Altenha\u00dflau, 19:30 Uhr unter anderem mit:<\/p>\n<p>-Wahl des neuen Gemeindevorstandes und der stellv. Gemeindevertretervorsitzenden\u00a0<\/p>\n<p>19. Juni: Amtseinf\u00fchrung des neuen B\u00fcrgermeisters Markus Betz (CDU)<\/p>\n<p>[\/et_pb_text][et_pb_text _builder_version=&#8220;4.27.6&#8243; text_font=&#8220;Verdana||||||||&#8220; text_text_color=&#8220;#000000&#8243; text_font_size=&#8220;13px&#8220; text_letter_spacing=&#8220;2px&#8220; text_line_height=&#8220;1.1em&#8220; header_text_color=&#8220;#000000&#8243; header_font_size=&#8220;14px&#8220; header_line_height=&#8220;1.1em&#8220; background_color=&#8220;rgba(0,0,0,0)&#8220; use_background_color_gradient=&#8220;on&#8220; background_color_gradient_direction=&#8220;177deg&#8220; background_color_gradient_stops=&#8220;rgba(0,0,0,0) 8%|rgba(0,0,0,0) 100%&#8220; background_color_gradient_start=&#8220;rgba(0,0,0,0)&#8220; background_color_gradient_start_position=&#8220;8%&#8220; background_color_gradient_end=&#8220;rgba(0,0,0,0)&#8220; text_orientation=&#8220;center&#8220; background_layout=&#8220;dark&#8220; max_width=&#8220;100%&#8220; height=&#8220;222px&#8220; custom_margin=&#8220;||1px||false|false&#8220; custom_padding=&#8220;||0px||false|false&#8220; border_radii=&#8220;off||||&#8220; border_width_all=&#8220;2px&#8220; border_color_all=&#8220;rgba(239,161,52,0.8)&#8220; border_style_all=&#8220;dashed&#8220; border_width_right=&#8220;0px&#8220; border_style_right=&#8220;none&#8220; box_shadow_style=&#8220;preset1&#8243; global_colors_info=&#8220;{}&#8220;][\/et_pb_text][\/et_pb_column][et_pb_column type=&#8220;1_3&#8243; _builder_version=&#8220;4.16&#8243; global_colors_info=&#8220;{}&#8220;][et_pb_text _builder_version=&#8220;4.18.0&#8243; header_text_align=&#8220;center&#8220; header_text_color=&#8220;#ffffff&#8220; header_font_size=&#8220;16px&#8220; background_color=&#8220;#f09005&#8243; height=&#8220;67px&#8220; custom_margin=&#8220;-9px||-3px||false|false&#8220; global_colors_info=&#8220;{}&#8220;]<\/p>\n<h1><span style=\"color: #ffffff;\"><\/span><\/h1>\n<h1><b><\/b><\/h1>\n<h1><\/h1>\n<p>&nbsp;<\/p>\n<p>[\/et_pb_text][et_pb_text _builder_version=&#8220;4.18.0&#8243; text_font=&#8220;Verdana||||||||&#8220; text_text_color=&#8220;#000000&#8243; text_font_size=&#8220;13px&#8220; text_letter_spacing=&#8220;2px&#8220; text_line_height=&#8220;1.1em&#8220; header_text_color=&#8220;#000000&#8243; header_font_size=&#8220;14px&#8220; header_line_height=&#8220;1.1em&#8220; background_color=&#8220;rgba(0,0,0,0)&#8220; use_background_color_gradient=&#8220;on&#8220; background_color_gradient_direction=&#8220;177deg&#8220; background_color_gradient_stops=&#8220;rgba(0,0,0,0) 8%|rgba(0,0,0,0) 100%&#8220; background_color_gradient_start=&#8220;rgba(0,0,0,0)&#8220; background_color_gradient_start_position=&#8220;8%&#8220; background_color_gradient_end=&#8220;rgba(0,0,0,0)&#8220; text_orientation=&#8220;center&#8220; background_layout=&#8220;dark&#8220; max_width=&#8220;100%&#8220; height=&#8220;221px&#8220; custom_margin=&#8220;||-28px||false|false&#8220; custom_padding=&#8220;||0px|2px|false|false&#8220; border_radii=&#8220;off||||&#8220; border_width_all=&#8220;2px&#8220; border_color_all=&#8220;rgba(239,161,52,0.8)&#8220; border_style_all=&#8220;dashed&#8220; border_width_right=&#8220;0px&#8220; border_style_right=&#8220;none&#8220; box_shadow_style=&#8220;preset1&#8243; global_colors_info=&#8220;{}&#8220;]<\/p>\n<p><b><\/b><\/p>\n<p><b><a href=\"https:\/\/www.buergerliste-linsengericht.de\/index.php\/buergermeisterwahl-2026\/\"><span style=\"color: #0c71c3;\">Am 15.03.2026 fand die B\u00fcrgermeisterwahl<\/span> in Linsengericht<\/a> und die <\/b><b><span style=\"color: #0c71c3;\">Kommunalwahl in Hessen<\/span> und somit Wahl der Gemeindevertretung Linsengericht und des Kreistages des Main-Kinzig-Kreises<\/b><b><\/b><\/p>\n<p><span style=\"color: #178919;\"><em><span style=\"text-decoration: underline;\"><a href=\"https:\/\/votemanager-da.ekom21cdn.de\/2026-03-15\/06435018\/praesentation\/index.html\" style=\"color: #178919;\"><strong>WAHLERGEBNISSE: hier!<\/strong><\/a><\/span><\/em><\/span><b><\/b><b><\/b><\/p>\n<p style=\"text-align: center;\"><b><\/b><\/p>\n<p>[\/et_pb_text][\/et_pb_column][\/et_pb_row][\/et_pb_section][et_pb_section fb_built=&#8220;1&#8243; admin_label=&#8220;About Section&#8220; _builder_version=&#8220;4.16&#8243; background_color=&#8220;#ffffff&#8220; custom_padding=&#8220;8px|0px|8px|0px|true|false&#8220; global_colors_info=&#8220;{}&#8220;][et_pb_row _builder_version=&#8220;4.16&#8243; global_colors_info=&#8220;{}&#8220;][et_pb_column type=&#8220;4_4&#8243; _builder_version=&#8220;4.16&#8243; global_colors_info=&#8220;{}&#8220;][et_pb_text _builder_version=&#8220;4.16&#8243; header_font=&#8220;|700|||||||&#8220; header_font_size=&#8220;25px&#8220; custom_margin=&#8220;10px||||false|false&#8220; global_colors_info=&#8220;{}&#8220;]<\/p>\n<h1 style=\"text-align: center;\">Unsere Pressestimmen:<\/h1>\n<p>[\/et_pb_text][et_pb_post_slider posts_number=&#8220;20&#8243; include_categories=&#8220;40,42&#8243; image_placement=&#8220;right&#8220; bg_overlay_color=&#8220;#f09005&#8243; show_image_tablet=&#8220;&#8220; show_image_phone=&#8220;on&#8220; show_image_last_edited=&#8220;on|phone&#8220; _builder_version=&#8220;4.27.4&#8243; header_level=&#8220;h1&#8243; header_font=&#8220;|700|||||||&#8220; background_color=&#8220;#ffffff&#8220; custom_padding=&#8220;10px||0px||false|false&#8220; global_colors_info=&#8220;{}&#8220;][\/et_pb_post_slider][et_pb_text _builder_version=&#8220;4.16&#8243; _module_preset=&#8220;default&#8220; global_colors_info=&#8220;{}&#8220;]<\/p>\n<h4 class=\"et_pb_module_header et-fb-editable-element et-fb-editable-element__editing\" data-shortcode-id=\"2.0.0.0-1616355547829\" data-quickaccess-id=\"header\" contenteditable=\"true\" style=\"text-align: left;\"><span style=\"font-family: inherit; font-weight: normal; font-size: xx-large;\"><strong>Wer sich in verschiedenster Art und Weise engagieren und uns unterst\u00fctzen m\u00f6chte, kann sich jederzeit gerne auf den verschiedensten Wegen bei uns und unseren Mandatstr\u00e4gern oder Vorstandsmitgliedern melden. Mitmachen ist ganz einfach. \ud83d\ude42 Ihre B\u00fcrgerliste Linsengericht<\/strong><\/span><\/h4>\n<p>[\/et_pb_text][et_pb_image src=&#8220;https:\/\/www.buergerliste-linsengericht.de\/wp-content\/uploads\/2020\/12\/Logo_Facebook-300&#215;256.jpg&#8220; title_text=&#8220;Logo_Facebook&#8220; align=&#8220;center&#8220; _builder_version=&#8220;4.16&#8243; _module_preset=&#8220;default&#8220; global_colors_info=&#8220;{}&#8220;][\/et_pb_image][\/et_pb_column][\/et_pb_row][\/et_pb_section][et_pb_section fb_built=&#8220;1&#8243; fullwidth=&#8220;on&#8220; _builder_version=&#8220;4.16&#8243; background_image=&#8220;https:\/\/www.buergerliste-linsengericht.de\/wp-content\/uploads\/2020\/01\/RathausLinsengericht_1200_360.jpg&#8220; height=&#8220;229px&#8220; top_divider_style=&#8220;arrow&#8220; top_divider_color=&#8220;#ffffff&#8220; top_divider_height=&#8220;35px&#8220; bottom_divider_color=&#8220;#ffffff&#8220; bottom_divider_height=&#8220;38px&#8220; global_colors_info=&#8220;{}&#8220;][\/et_pb_section]<\/p>\n","protected":false},"excerpt":{"rendered":"<p>WILLKOMMEN BEI DER B\u00dcRGERLISTE \/ FREIE W\u00c4HLERGEMEINSCHAFT LINSENGERICHT! Wir freuen uns \u00fcber Ihren Besuch und stellen Ihnen hier auf unserer Homepage viele wissenswerte und interessante Informationen zur Kommunalpolitik im Linsengericht vor. Auf dem folgenden Bild sehen Sie von links nach rechts unseren Vorstand: Dirk Seybold (2. Vorsitzender), Klaus Balzer (Kassierer), Heinz Breitenbach (Beisitzer Gro\u00dfenhausen), Annette [&hellip;]<\/p>\n","protected":false},"author":1,"featured_media":0,"parent":0,"menu_order":0,"comment_status":"closed","ping_status":"closed","template":"","meta":{"_et_pb_use_builder":"on","_et_pb_old_content":"","_et_gb_content_width":"","footnotes":""},"class_list":["post-9","page","type-page","status-publish","hentry"],"_links":{"self":[{"href":"https:\/\/www.buergerliste-linsengericht.de\/index.php\/wp-json\/wp\/v2\/pages\/9","targetHints":{"allow":["GET"]}}],"collection":[{"href":"https:\/\/www.buergerliste-linsengericht.de\/index.php\/wp-json\/wp\/v2\/pages"}],"about":[{"href":"https:\/\/www.buergerliste-linsengericht.de\/index.php\/wp-json\/wp\/v2\/types\/page"}],"author":[{"embeddable":true,"href":"https:\/\/www.buergerliste-linsengericht.de\/index.php\/wp-json\/wp\/v2\/users\/1"}],"replies":[{"embeddable":true,"href":"https:\/\/www.buergerliste-linsengericht.de\/index.php\/wp-json\/wp\/v2\/comments?post=9"}],"version-history":[{"count":209,"href":"https:\/\/www.buergerliste-linsengericht.de\/index.php\/wp-json\/wp\/v2\/pages\/9\/revisions"}],"predecessor-version":[{"id":2484,"href":"https:\/\/www.buergerliste-linsengericht.de\/index.php\/wp-json\/wp\/v2\/pages\/9\/revisions\/2484"}],"wp:attachment":[{"href":"https:\/\/www.buergerliste-linsengericht.de\/index.php\/wp-json\/wp\/v2\/media?parent=9"}],"curies":[{"name":"wp","href":"https:\/\/api.w.org\/{rel}","templated":true}]}}