{"id":1996,"date":"2025-04-25T22:19:46","date_gmt":"2025-04-25T20:19:46","guid":{"rendered":"https:\/\/www.buergerliste-linsengericht.de\/?page_id=1996"},"modified":"2026-03-22T18:43:01","modified_gmt":"2026-03-22T17:43:01","slug":"buergermeisterwahl-2026","status":"publish","type":"page","link":"https:\/\/www.buergerliste-linsengericht.de\/index.php\/buergermeisterwahl-2026\/","title":{"rendered":"B\u00fcrgermeisterwahl 2026"},"content":{"rendered":"<p><a href=\"http:\/\/nicoledein.buergerliste-linsengericht.de\" target=\"_blank\" rel=\"noopener\"><strong>&#8211;&gt; Direkt zu Homepage von B\u00fcrgermeisterkandidatin Nicole Dein<\/strong><\/a><\/p>\n<p><strong><a href=\"https:\/\/wahlschein.ekom21.de\/IWS\/start.do?mb=6435018\" target=\"_blank\" rel=\"noopener\">&#8211;&gt; Zum Online-Briefwahlantrag der Gemeinde Linsengericht<\/a><\/strong><\/p>\n<p><strong><a href=\"https:\/\/www.facebook.com\/people\/B%C3%BCrgerliste-Freie-W%C3%A4hler-Linsengericht\/100067683471265\/\" target=\"_blank\" rel=\"noopener\">&#8211;&gt; Zur Facebookseite der Freien W\u00e4hlergemeinschaft \/ B\u00fcrgerliste Linsengericht<\/a><\/strong><\/p>\n<p><strong><a href=\"https:\/\/www.instagram.com\/buergerliste_linsengericht\/\" target=\"_blank\" rel=\"noopener\">&#8211;&gt; Zur Instagram-Seite der Freie W\u00e4hlergemeinschaft \/ B\u00fcrgerliste Linsengericht<\/a><\/strong><\/p>\n<p><a href=\"https:\/\/www.youtube.com\/live\/EQR0Qg-HfBI?si=EzRr1uPfdVDquthx\" target=\"_blank\" rel=\"noopener\"><strong>&#8211;&gt; F\u00dcR Unentschlossene: Link zur Podiumsdiskussion der Gelnh\u00e4user Neuen Zeitung (GNZ) mit den 5 anderen Kandidaten, die am 25.02. im B\u00fcrgersaal Eidenges\u00e4\u00df stattfand.<\/strong><\/a><\/p>\n<p>&nbsp;<\/p>\n<p><strong>22.03.2026:<\/strong><\/p>\n<p>Nach einigen Tagen zur\u00fcck im &#8222;Alltag&#8220; und dem Abbau von Plakaten und Bannern sage ich nochmal Danke f\u00fcr die Unterst\u00fctzung im zur\u00fcckliegenden Wahlkampf, auch wenn es leider nicht f\u00fcr einen Einzug in die Stichwahl gereicht hat. Danke allen W\u00e4hlerinnen und W\u00e4hlern, sowie allen Helferinnen und Helfern unseres Teams der B\u00fcrgerliste \/ Freie W\u00e4hlergemeinschaft Linsengericht! Eure Nicole Dein<\/p>\n<p>&nbsp;<\/p>\n<p><strong>15.03.2026:<\/strong><\/p>\n<p><a href=\"https:\/\/votemanager-da.ekom21cdn.de\/2026-03-15\/06435018\/praesentation\/index.html\" target=\"_blank\" rel=\"noopener\">HIER finden Sie die Wahlergebnisse<\/a>, die sich im Laufe des Abends und den n\u00e4chsten Tagen schrittweise noch ver\u00e4ndern k\u00f6nnen, je nach ausgez\u00e4hlten Bezirken und der Ausz\u00e4hlung der kumulierten und panaschierten Stimmzettel ab 16.03.2026 im Rathaus.<\/p>\n<p>&nbsp;<\/p>\n<p><strong>14.03.2026:<\/strong><\/p>\n<p>Heute haben wir noch einmal einen Wahlstand vor dem REWE-Markt und der B\u00e4ckerei Happ in Altenha\u00dflau angeboten, und zahlreiche Einkaufende mit Quarkb\u00e4llchen, Brosch\u00fcren, Taschent\u00fcchern, Kugelschreibern, Bl\u00f6cken und Flaschen\u00f6ffnern versorgt.<\/p>\n<p><img loading=\"lazy\" decoding=\"async\" class=\"alignnone size-medium wp-image-2443\" src=\"https:\/\/www.buergerliste-linsengericht.de\/wp-content\/uploads\/2026\/03\/IMG_6147-300x225.jpeg\" alt=\"\" width=\"300\" height=\"225\" \/> <img loading=\"lazy\" decoding=\"async\" class=\"alignnone size-medium wp-image-2444\" src=\"https:\/\/www.buergerliste-linsengericht.de\/wp-content\/uploads\/2026\/03\/IMG_6707-300x225.jpeg\" alt=\"\" width=\"300\" height=\"225\" \/> <img loading=\"lazy\" decoding=\"async\" class=\"alignnone size-medium wp-image-2442\" src=\"https:\/\/www.buergerliste-linsengericht.de\/wp-content\/uploads\/2026\/03\/IMG_6146-300x225.jpeg\" alt=\"\" width=\"300\" height=\"225\" \/><\/p>\n<p><img loading=\"lazy\" decoding=\"async\" class=\"alignnone size-medium wp-image-2448\" src=\"https:\/\/www.buergerliste-linsengericht.de\/wp-content\/uploads\/2026\/03\/PHOTO-2026-03-14-13-20-29-1-240x300.jpg\" alt=\"\" width=\"240\" height=\"300\" \/> <img loading=\"lazy\" decoding=\"async\" class=\"alignnone size-medium wp-image-2447\" src=\"https:\/\/www.buergerliste-linsengericht.de\/wp-content\/uploads\/2026\/03\/PHOTO-2026-03-14-08-32-21-300x169.jpg\" alt=\"\" width=\"300\" height=\"169\" \/>\u00a0<img loading=\"lazy\" decoding=\"async\" class=\"alignnone size-medium wp-image-2449\" src=\"https:\/\/www.buergerliste-linsengericht.de\/wp-content\/uploads\/2026\/03\/PHOTO-2026-03-06-13-38-32a-1-158x300.jpg\" alt=\"\" width=\"158\" height=\"300\" \/><\/p>\n<p>&nbsp;<\/p>\n<p><strong>11.03.2026:<\/strong><\/p>\n<p>Auf jetzt! \ud83d\ude09<\/p>\n<p><a href=\"http:\/\/nicoledein.buergerliste-linsengericht.de\" target=\"_blank\" rel=\"noopener\"><strong><img loading=\"lazy\" decoding=\"async\" class=\"alignnone size-medium wp-image-2434\" src=\"https:\/\/www.buergerliste-linsengericht.de\/wp-content\/uploads\/2026\/03\/PHOTO-2026-03-10-13-00-32-240x300.jpg\" alt=\"\" width=\"240\" height=\"300\" \/><\/strong><\/a><\/p>\n<p>&nbsp;<\/p>\n<p><strong>0<\/strong><strong>9.03.2026:<\/strong><\/p>\n<p><a href=\"https:\/\/www.gnz.de\/lokales\/main-kinzig-kreis\/liveticker-super-wahlsonntag-im-mkk-spannung-bei-buergermeisterwahlen-in-hanau-linsengericht-und-U4ROJPIL6ZE53CEC33IP65CRXU.html?utm_medium=social&amp;utm_source=app_ios&amp;utm_campaign=share_button\" target=\"_blank\" rel=\"noopener\">HIER<\/a> finden Sie den Liveticker der Gelnh\u00e4user Neuen Zeitung (GNZ) zur B\u00fcrgermeister- und Kommunalwahl in Linsengericht und dem gesamten Main-Kinzig-Kreis. Gehen Sie am 15.03.2026 unbedingt zur Wahl!<\/p>\n<p>&nbsp;<\/p>\n<p><strong>0<\/strong><strong>8.03.2026:<\/strong><\/p>\n<p>Ein Ereignisreiches letztes Wochenende vor der eigentlichen Wahl liegt hinter uns:<\/p>\n<p>Zun\u00e4chst wurde unter der Woche ein weiteres Banner der Fraktion zwischen Eidenges\u00e4\u00df und Geislitz aufgestellt. Vielen Dank an alle, die uns daf\u00fcr Fl\u00e4chen bereitgestellt haben.<\/p>\n<p><img loading=\"lazy\" decoding=\"async\" class=\"alignnone size-medium wp-image-2408\" src=\"https:\/\/www.buergerliste-linsengericht.de\/wp-content\/uploads\/2026\/03\/PHOTO-2026-03-04-15-20-33-225x300.jpg\" alt=\"\" width=\"225\" height=\"300\" \/><\/p>\n<p>Zahlreiche Mitglieder der B\u00fcrgerliste besuchten am Mittwoch und Donnerstag die Wahlhelferschulungen der Gemeinde, um am 15.03.2026 und eventuell am 29.03.2026 f\u00fcr eine z\u00fcgige und neutrale Abwicklung und auch Ausz\u00e4hlung der Kommunalwahl auf Gemeinde- und Kreisebene, sowie der B\u00fcrgermeisterwahl und einer eventuellen Stichwahl zu gew\u00e4hrleisten. Vielen Dank an dieser Stelle an ALLE Beteiligten f\u00fcr dieses wichtige Ehrenamt und nat\u00fcrlich auch den vielen hier eingebundenen Bediensteten der Gemeinde Linsengericht!<\/p>\n<p>Am Freitag stand dann ein letztes Fotoshooting in Eidenges\u00e4\u00df an&#8230; lasst Euch \u00fcberraschen.<\/p>\n<p><img loading=\"lazy\" decoding=\"async\" class=\"alignnone size-medium wp-image-2405\" src=\"https:\/\/www.buergerliste-linsengericht.de\/wp-content\/uploads\/2026\/03\/PHOTO-2026-03-06-13-38-32a-158x300.jpg\" alt=\"\" width=\"158\" height=\"300\" \/><\/p>\n<p>Am Samstag hatten wir zudem von 7-11 Uhr einen Wahlwerbestand vor der Reinhardskirche aufgebaut, wo viele Altenha\u00dflauer und Linsengerichter bei &#8222;Alex backt\u00b4s&#8220; ihre Br\u00f6tchen holten und von der B\u00fcrgerliste mit Quarkb\u00e4llchen, Flaschen\u00f6ffnern, Kulis, Bl\u00f6cken, Wahlbrosch\u00fcren und Ansteckbuttons versorgt wurden.<\/p>\n<p><img loading=\"lazy\" decoding=\"async\" class=\"alignnone size-medium wp-image-2407\" src=\"https:\/\/www.buergerliste-linsengericht.de\/wp-content\/uploads\/2026\/03\/IMG_6640-225x300.jpeg\" alt=\"\" width=\"225\" height=\"300\" \/><\/p>\n<p>Dar\u00fcber hinaus besuchte am Freitagnachmittag eine Abordnung der B\u00fcrgerliste die begr\u00fcnten Hochwasserschutzd\u00e4mme n\u00f6rdlich von Langenselbold.<\/p>\n<p><img loading=\"lazy\" decoding=\"async\" class=\"alignnone size-medium wp-image-2401\" src=\"https:\/\/www.buergerliste-linsengericht.de\/wp-content\/uploads\/2026\/03\/Am-Wehr-in-Langenselbold-4--300x225.jpeg\" alt=\"\" width=\"300\" height=\"225\" \/><\/p>\n<p>Ebenfalls am Samstag halfen einige Mitglieder der B\u00fcrgerliste, die keinen Standdienst gemacht haben, stattdessen bei den M\u00fcllsammelaktionen der Freiwilligen Feuerwehren in den Ortsteilen mit. Auch hierf\u00fcr vielen Dank!<\/p>\n<p>Am Sonntag besuchte ich schlie\u00dflich mit meiner Familie und Freunden den Schelmenmarkt in Gelnhausen, wo ich ebenfalls auf viele Linsengerichter traf. Auch ein weiteres GNZ-Interview habe ich beantwortet, dessen Ergebnis wird in der Gelnh\u00e4user Neuen Zeitung vom 14.03.2026. erscheinen.<\/p>\n<p>&nbsp;<\/p>\n<p><strong>03.03.2026:<\/strong><\/p>\n<p>Am vergangenen Wochenende haben wir von der B\u00fcrgerliste &#8211; neben den unten geschilderten Aktivit\u00e4ten &#8211; auch eine neue Sitzbank am Radweg zwischen Gro\u00dfenhausen und der Westspange aufgestellt, die dort zum Verweilen einl\u00e4dt. Vielen Dank an den Erbauer Friedhelm Breitenbach und das flei\u00dfige Aufbauteam! Ausf\u00fchrlicher Pressebericht <a href=\"https:\/\/www.buergerliste-linsengericht.de\/index.php\/2026\/03\/01\/buergerliste-linsengericht-stiftet-und-weiht-neue-ruhebank-am-radweg-an-der-kreisstrasse-nach-grossenhausen-ein\/\" target=\"_blank\" rel=\"noopener\">HIER<\/a>.<\/p>\n<p><img loading=\"lazy\" decoding=\"async\" class=\"alignnone size-medium wp-image-2387\" src=\"https:\/\/www.buergerliste-linsengericht.de\/wp-content\/uploads\/2026\/03\/Neue-Ruhebank-225x300.jpeg\" alt=\"\" width=\"225\" height=\"300\" \/> <img loading=\"lazy\" decoding=\"async\" class=\"alignnone size-medium wp-image-2388\" src=\"https:\/\/www.buergerliste-linsengericht.de\/wp-content\/uploads\/2026\/03\/IMG_6019-300x225.jpeg\" alt=\"\" width=\"300\" height=\"225\" \/><\/p>\n<p>&nbsp;<\/p>\n<p><strong>28.02.2026:<\/strong><\/p>\n<p>Die hei\u00dfe Phase des Wahlkampfes ist nun wirklich erreicht und die Termine h\u00e4ufen sich:<\/p>\n<p>Am 21.02. hatten wir einen Wahlstand im Eidenges\u00e4\u00dfer Ortskern und heute am 28.02.2026 vor dem REWE-Markt in Altenha\u00dflau.<\/p>\n<p>Dazwischen lag:<\/p>\n<p>-die Gemeindevertretersitzung am 24.02. in der Altenha\u00dflauer Zehntscheune,<\/p>\n<p>-die <strong>Podiumsdiskussion<\/strong> der Gelnh\u00e4user Neuen Zeitung (GNZ, <a href=\"https:\/\/www.youtube.com\/live\/EQR0Qg-HfBI?si=EzRr1uPfdVDquthx\" target=\"_blank\" rel=\"noopener\">Video HIER<\/a>) mit den 5 anderen Kandidaten am 25.02. im B\u00fcrgersaal Eidenges\u00e4\u00df, sowie<\/p>\n<p>-die Premiere des genialen neuen St\u00fcckes des Theatervereins &#8222;Riwwelkuche&#8220; gestern Abend am 27.02. im Gr\u00fcnen Baum in L\u00fctzelhausen.<\/p>\n<p>Es folgen ein paar Bilder zu diesen Aktivit\u00e4ten:<\/p>\n<p><img loading=\"lazy\" decoding=\"async\" class=\"alignnone size-medium wp-image-2381\" src=\"https:\/\/www.buergerliste-linsengericht.de\/wp-content\/uploads\/2026\/02\/IMG_6473-300x225.jpeg\" alt=\"\" width=\"300\" height=\"225\" \/> <img loading=\"lazy\" decoding=\"async\" class=\"alignnone size-medium wp-image-2382\" src=\"https:\/\/www.buergerliste-linsengericht.de\/wp-content\/uploads\/2026\/02\/PHOTO-2026-02-27-19-41-55-300x225.jpg\" alt=\"\" width=\"300\" height=\"225\" \/> <img loading=\"lazy\" decoding=\"async\" class=\"alignnone size-medium wp-image-2383\" src=\"https:\/\/www.buergerliste-linsengericht.de\/wp-content\/uploads\/2026\/02\/PHOTO-2026-02-27-22-58-00-300x225.jpg\" alt=\"\" width=\"300\" height=\"225\" \/> <img loading=\"lazy\" decoding=\"async\" class=\"alignnone size-medium wp-image-2384\" src=\"https:\/\/www.buergerliste-linsengericht.de\/wp-content\/uploads\/2026\/02\/PHOTO-2026-02-28-09-24-07-169x300.jpg\" alt=\"\" width=\"169\" height=\"300\" \/><\/p>\n<p>&nbsp;<\/p>\n<p><strong>19.02.2026:<\/strong><\/p>\n<p><a href=\"https:\/\/www.gnz.de\/lokales\/main-kinzig-kreis\/linsengericht\/buergermeisterwahl-in-linsengericht-dafuer-steht-nicole-dein-buergerliste-AWYHTCM5SBAW7AADFAFTPWNIEU.html\" target=\"_blank\" rel=\"noopener\">Hier<\/a> finden Sie mein gro\u00dfes GNZ-Interview, also das Interview mit der Gelnh\u00e4user Zeitung und <a href=\"https:\/\/www.instagram.com\/reel\/DU7n3UvjMri\/?igsh=MWFob3AzZHU4cG1y\" target=\"_blank\" rel=\"noopener\">HIER<\/a> das dazugeh\u00f6rige Video. Zudem erschien in der Februar-Ausgabe des Stadtjournals Freigericht + Linsengericht ein weiteres Interview mit mir.<\/p>\n<p>&nbsp;<\/p>\n<p><strong>08.02.2026:<\/strong><\/p>\n<p>Hier finden Sie ein <a href=\"https:\/\/www.buergerliste-linsengericht.de\/index.php\/2026\/02\/08\/das-exklusiv-interview-10-fragen-zur-buergermeisterwahl-in-linsengericht-an-kandidatin-nicole-dein\/\" target=\"_blank\" rel=\"noopener\">Interview<\/a> mit mir zu unseren Aktivit\u00e4ten im Januar und Februar.<\/p>\n<p>&nbsp;<\/p>\n<p><strong>06.02.2026:<\/strong><\/p>\n<p>Im Verlauf dieses Wochenendes wird die Verteilung unserer <a href=\"https:\/\/www.buergerliste-linsengericht.de\/wp-content\/uploads\/2026\/1\/BGL_Bosch_Kandidatenliste_endKopie.pdf\" target=\"_blank\" rel=\"noopener\">dritten Brosch\u00fcren<\/a> in allen Ortsteilen abgeschlossen werden. Zudem beginnt die Aufh\u00e4ngung &#8222;meiner&#8220; Wahlplakate in allen Linsengerichter Ortsteilen. Vielen Dank an alle flei\u00dfigen Helferinnen und Helfer!<\/p>\n<p>&nbsp;<\/p>\n<p><strong>31.01.2026:<\/strong><\/p>\n<p>Heute am 31.01.2026 startete die Verteilung unserer <a href=\"https:\/\/www.buergerliste-linsengericht.de\/wp-content\/uploads\/2026\/1\/BGL_Bosch_Kandidatenliste_endKopie.pdf\" target=\"_blank\" rel=\"noopener\">dritten Brosch\u00fcre<\/a> durch einige freiwillige Helferinnen und Helfer und buchst\u00e4blich als \u201eWinterwahlkampf\u201c. Vielen Dank f\u00fcr Euer Engagement! Au\u00dferdem wurden die Plakate f\u00fcr die Gemeindevertretungs- und Kreistagswahl geliefert und f\u00fcr die Linsengerichter Ortsteile vorsortiert und parallel die Banner im Gemeindegebiet aufgestellt. Am Abend besuchten wir mit einer Abordnung die 2. Faschingssitzung des <a href=\"https:\/\/fidelio-altenhasslau.de\/\" target=\"_blank\" rel=\"noopener\">Kultur-, Sport- und Geselligkeitsvereins FIDELIO ALTEHASSLAU e.V.<\/a>\u00a0im dortigen B\u00fcrgersaal, nachdem einige unserer Mitglieder dort bereits am Vorabend beim Thekendienst im Einsatz waren.<\/p>\n<p><img loading=\"lazy\" decoding=\"async\" class=\"alignnone size-medium wp-image-2298\" src=\"https:\/\/www.buergerliste-linsengericht.de\/wp-content\/uploads\/2026\/01\/IMG_5703-225x300.jpeg\" alt=\"\" width=\"225\" height=\"300\" \/>\u00a0 \u00a0 \u00a0 \u00a0 <img loading=\"lazy\" decoding=\"async\" class=\"alignnone size-medium wp-image-2299\" src=\"https:\/\/www.buergerliste-linsengericht.de\/wp-content\/uploads\/2026\/01\/IMG_6213-225x300.jpeg\" alt=\"\" width=\"225\" height=\"300\" \/>\u00a0 \u00a0 \u00a0 \u00a0<img loading=\"lazy\" decoding=\"async\" class=\"alignnone size-medium wp-image-2300\" src=\"https:\/\/www.buergerliste-linsengericht.de\/wp-content\/uploads\/2026\/01\/PHOTO-2026-01-31-12-08-27-139x300.jpg\" alt=\"\" width=\"139\" height=\"300\" \/>\u00a0 <img loading=\"lazy\" decoding=\"async\" class=\"alignnone size-medium wp-image-2313\" src=\"https:\/\/www.buergerliste-linsengericht.de\/wp-content\/uploads\/2026\/01\/PHOTO-2026-01-31-14-31-40-300x169.jpg\" alt=\"\" width=\"300\" height=\"169\" \/> <img loading=\"lazy\" decoding=\"async\" class=\"alignnone size-medium wp-image-2312\" src=\"https:\/\/www.buergerliste-linsengericht.de\/wp-content\/uploads\/2026\/01\/PHOTO-2026-01-31-14-17-04-169x300.jpg\" alt=\"\" width=\"169\" height=\"300\" \/> <img loading=\"lazy\" decoding=\"async\" class=\"alignnone size-medium wp-image-2311\" src=\"https:\/\/www.buergerliste-linsengericht.de\/wp-content\/uploads\/2026\/01\/IMG_5731-300x225.jpeg\" alt=\"\" width=\"300\" height=\"225\" \/><\/p>\n<p>&nbsp;<\/p>\n<p><strong>26.01.2026:<\/strong><\/p>\n<p>Am kommenden Wochenende startet die Verteilung unserer <a href=\"https:\/\/www.buergerliste-linsengericht.de\/wp-content\/uploads\/2026\/1\/BGL_Bosch_Kandidatenliste_endKopie.pdf\" target=\"_blank\" rel=\"noopener\">dritten Brosch\u00fcre<\/a>, in der ich einige meiner Wahlziele pr\u00e4sentiere. Au\u00dferdem finden sich die Wahlziele und die Gemeindevertretungskandidatinnen und -kandidaten der B\u00fcrgerliste Linsengericht, sowie die Linsengerichter Kandidatinnen und Kandidaten f\u00fcr den Kreistag des Main-Kinzig-Kreises darin. <a href=\"https:\/\/www.buergerliste-linsengericht.de\/wp-content\/uploads\/2026\/1\/BGL_Bosch_Kandidatenliste_endKopie.pdf\" target=\"_blank\" rel=\"noopener\">F\u00fcr unsere Homepage-Besucher ist sie bereits heute hier abrufbar.<\/a><\/p>\n<p>Schon gewusst? Ab Montag, den 2. Februar 2026 k\u00f6nnen Sie f\u00fcr die B\u00fcrgermeister- und Kommunalwahl auch Ihre <a href=\"https:\/\/wahlschein.ekom21.de\/IWS\/start.do?mb=6435018\" target=\"_blank\" rel=\"noopener\">Briefwahlunterlagen online beantragen<\/a>. Die entsprechende Seite finden Sie ab dem 2. Februar 2026 <a href=\"https:\/\/wahlschein.ekom21.de\/IWS\/start.do?mb=6435018\" target=\"_blank\" rel=\"noopener\">hier<\/a>, derzeit ist sie jedoch noch nicht freigeschaltet.<\/p>\n<p>&nbsp;<\/p>\n<p><strong>21.01.2026:<\/strong><\/p>\n<p>Anfang Januar besuchte ich mit der B\u00fcrgerliste den <a href=\"https:\/\/www.buergerliste-linsengericht.de\/index.php\/2026\/01\/08\/buergerliste-fwg-linsengericht-feiert-700-jahre-luetzelhausen\/\" target=\"_blank\" rel=\"noopener\">Festabend des Dorfvereins anl\u00e4sslich 700 Jahre L\u00fctzelhausen<\/a>. Zudem standen Interviewanfragen, Fototermine und vor allem die Gestaltung und Feinabstimmung unserer weiteren Brosch\u00fcre, sowie verschiedener Plakate und Banner im Vordergrund. Auch der Wahlkampf der Fraktion, der unter anderem mit dem Besuch verschiedenster Faschingsveranstaltungen, sowie der Organisation eigener Dorfgespr\u00e4che in Gastst\u00e4tten und an einigen anderen markanten Orten weitergeht, wurde nach den Weihnachtsferien im Januar geplant.<\/p>\n<p><img loading=\"lazy\" decoding=\"async\" class=\"alignnone size-medium wp-image-2266\" src=\"https:\/\/www.buergerliste-linsengericht.de\/wp-content\/uploads\/2026\/01\/700-Jahre-Luetzelhausen-225x300.jpg\" alt=\"\" width=\"225\" height=\"300\" \/><\/p>\n<p>&nbsp;<\/p>\n<p><strong>30.12.2025:<\/strong><\/p>\n<p>Ich w\u00fcnsche allen ein friedliches + sch\u00f6nes Silvester 2025 und nat\u00fcrlich auch:<\/p>\n<p><img loading=\"lazy\" decoding=\"async\" class=\"alignnone size-medium wp-image-2254\" src=\"https:\/\/www.buergerliste-linsengericht.de\/wp-content\/uploads\/2025\/12\/Silvestergruss-300x250.jpg\" alt=\"\" width=\"300\" height=\"250\" \/><\/p>\n<p>&nbsp;<\/p>\n<p><strong>24.12.2025:<\/strong><\/p>\n<p>Kurz vor Weihnachten wurden fristgerecht die Unterlagen f\u00fcr die B\u00fcrgermeisterwahl und Kommunalwahl im Linsengerichter Rathaus abgegeben. Vielen Dank in diesem Zusammenhang an unseren Schriftf\u00fchrer Prof. Dr. Matthias Rohde, unseren Fraktionsvorsitzenden Heinz Breitenbach, unseren Vorsitzenden Ruben Hundhausen und unseren Pressewart Sebastian Dein.<\/p>\n<p><img loading=\"lazy\" decoding=\"async\" class=\"alignnone size-medium wp-image-2250\" src=\"https:\/\/www.buergerliste-linsengericht.de\/wp-content\/uploads\/2025\/12\/Abgabe-Wahlunterlagen-2--300x225.jpg\" alt=\"\" width=\"300\" height=\"225\" \/><\/p>\n<p>&nbsp;<\/p>\n<p>Rechtzeitig zu Weihnachten wurde auch noch mein zweiter Comic fertig, der im neuen Jahr einer neuen Brosch\u00fcre der B\u00fcrgerliste Linsengericht und von mir beigelegt werden wird. Er befasst sich mit dem Thema <strong>Feuerwehr<\/strong> und ist f\u00fcr die Online-Benutzer <a href=\"https:\/\/www.buergerliste-linsengericht.de\/wp-content\/uploads\/2025\/12\/Comic_Feuerwehr_205_292-1.pdf\" target=\"_blank\" rel=\"noopener\">exklusiv hier schon<\/a> einsehbar.<\/p>\n<p>Hier finden Sie zudem das darin enthaltene Ausmalbild zum Ausdrucken:<\/p>\n<p>&nbsp;<\/p>\n<p><img loading=\"lazy\" decoding=\"async\" class=\"alignnone size-medium wp-image-2243\" src=\"https:\/\/www.buergerliste-linsengericht.de\/wp-content\/uploads\/2025\/12\/Comic-Ausmalbild-Feuerwehrfrau-178x300.jpg\" alt=\"\" width=\"178\" height=\"300\" \/><\/p>\n<p>Vielen Dank daf\u00fcr an Heidi Jehn! So, nun aber wirklich: frohe Weihnachten!<\/p>\n<p>&nbsp;<\/p>\n<p><strong>19.12.2025:<\/strong><\/p>\n<p>Die Anzeigen der B\u00fcrgerliste Linsengericht und deren B\u00fcrgermeisterkandidatin Nicole Dein f\u00fcr die <a href=\"http:\/\/www.gnz.de\" target=\"_blank\" rel=\"noopener\">Gelnh\u00e4user Neue Zeitung (GNZ)<\/a> und den <a href=\"https:\/\/www.bote.de\/\" target=\"_blank\" rel=\"noopener\">Mittelhessen-Boten<\/a> sind fertig und werden ver\u00f6ffentlicht:<\/p>\n<p><img loading=\"lazy\" decoding=\"async\" class=\"alignnone size-medium wp-image-2234\" src=\"https:\/\/www.buergerliste-linsengericht.de\/wp-content\/uploads\/2025\/12\/BGL1-195x300.jpg\" alt=\"\" width=\"195\" height=\"300\" srcset=\"https:\/\/www.buergerliste-linsengericht.de\/wp-content\/uploads\/2025\/12\/BGL1-195x300.jpg 195w, https:\/\/www.buergerliste-linsengericht.de\/wp-content\/uploads\/2025\/12\/BGL1.jpg 342w\" sizes=\"(max-width: 195px) 100vw, 195px\" \/> <img loading=\"lazy\" decoding=\"async\" class=\"alignnone size-medium wp-image-2235\" src=\"https:\/\/www.buergerliste-linsengericht.de\/wp-content\/uploads\/2025\/12\/BGL2-196x300.jpg\" alt=\"\" width=\"196\" height=\"300\" srcset=\"https:\/\/www.buergerliste-linsengericht.de\/wp-content\/uploads\/2025\/12\/BGL2-196x300.jpg 196w, https:\/\/www.buergerliste-linsengericht.de\/wp-content\/uploads\/2025\/12\/BGL2.jpg 343w\" sizes=\"(max-width: 196px) 100vw, 196px\" \/><\/p>\n<p>&nbsp;<\/p>\n<p><strong>15.12.2025<\/strong>:<\/p>\n<p>Im November und Dezember besuchte ich zahlreiche Veranstaltungen wie z.B. das Weihnachtssingen von &#8222;Belcanto&#8220; in der katholischen Kirche St. Raphael Altenha\u00dflau, die Senioren-Weihnachtsfeier der Gemeinde Linsengericht in Eidenges\u00e4\u00df, das Adventsvorgl\u00fchen der Freiwilligen Feuerwehren in Geislitz und L\u00fctzelhausen, sowie den Altenha\u00dflauer Weihnachtsmarkt. Auch die Social-Media-Aktivit\u00e4ten wurden verst\u00e4rkt und die offiziellen Wahlunterlagen f\u00fcr die B\u00fcrgermeisterwahl und auch die Kommunalwahl nach der entsprechenden Listenaufstellung zusammengestellt und im Linsengerichter Rathaus eingereicht. Es begann zudem die interne Arbeit an einer dritten Brosch\u00fcre der B\u00fcrgerliste, wof\u00fcr auch ein Fototermin f\u00fcr alle Listenkandidatinnen und -kandidaten anstand. Auch platzierten wir Weihnachtsgr\u00fc\u00dfe in der GNZ, dem Boten und auf <a href=\"https:\/\/vorsprung-online.de\/\" target=\"_blank\" rel=\"noopener\">Vorsprung Online<\/a>. Zudem stand die letzte Sitzung der Gemeindevertretung f\u00fcr das Jahr 2025 an, in der ich den sp\u00e4ter beschlossenen Antrag der B\u00fcrgerliste zur F\u00f6rderung von Photovoltaik-Anlagen begr\u00fcndete (siehe Presse 2025).<\/p>\n<p><img loading=\"lazy\" decoding=\"async\" class=\"alignnone size-medium wp-image-2223\" src=\"https:\/\/www.buergerliste-linsengericht.de\/wp-content\/uploads\/2025\/12\/Vorsprung-Online-Anzeige-300x249.jpg\" alt=\"\" width=\"300\" height=\"249\" srcset=\"https:\/\/www.buergerliste-linsengericht.de\/wp-content\/uploads\/2025\/12\/Vorsprung-Online-Anzeige-300x249.jpg 300w, https:\/\/www.buergerliste-linsengericht.de\/wp-content\/uploads\/2025\/12\/Vorsprung-Online-Anzeige.jpg 312w\" sizes=\"(max-width: 300px) 100vw, 300px\" \/><\/p>\n<p>&nbsp;<\/p>\n<p><strong>30.11.2025:<\/strong><\/p>\n<p><strong>Mein Lebenslauf und was Sie noch nicht von mir wussten:<\/strong><\/p>\n<p><strong>Pers\u00f6nliche Daten:<\/strong><\/p>\n<p>Name:\u00a0\u00a0\u00a0\u00a0\u00a0\u00a0\u00a0\u00a0\u00a0\u00a0\u00a0\u00a0 <em>Nicole Dein, geb. Kre\u00df\u00a0 \u00a0 \u00a0 \u00a0 \u00a0 \u00a0 \u00a0 \u00a0 \u00a0 \u00a0<\/em>Wohnort:\u00a0\u00a0\u00a0\u00a0\u00a0\u00a0\u00a0\u00a0 <em>seit 2008<\/em> <em>Linsengericht &#8211; Altenha\u00dflau<\/em><\/p>\n<p>Geboren:\u00a0 \u00a0 \u00a0 \u00a0 \u00a0<em>1980 in Gelnhausen\u00a0 \u00a0 \u00a0 \u00a0 \u00a0 \u00a0 \u00a0 \u00a0 \u00a0 \u00a0 \u00a0 \u00a0<\/em>Familienstand: <em>verheiratet, 2 Kinder<\/em><\/p>\n<p><strong>Schule und Ausbildung:<\/strong><\/p>\n<p>1986-1990:\u00a0\u00a0\u00a0\u00a0\u00a0 <em>Philipp-Reis-Schule Gelnhausen<\/em><\/p>\n<p>1990-1999:\u00a0\u00a0\u00a0\u00a0\u00a0 <em>Grimmelshausen Gymnasium Gelnhausen<\/em><\/p>\n<p>1999-2001:\u00a0\u00a0\u00a0\u00a0\u00a0 <em>Ausbildung zur Verwaltungsfachangestellten beim Gemeindevorstand der Gemeinde Linsengericht<\/em><\/p>\n<p>2002-2004: \u00a0\u00a0\u00a0\u00a0 <em>Duales Studium zur Diplom- Verwaltungswirtin beim Kreisausschuss des Main-Kinzig-Kreises<\/em><\/p>\n<p>Seit 2004:\u00a0\u00a0\u00a0\u00a0\u00a0\u00a0\u00a0 <em>Arbeitsverh\u00e4ltnis beim Kreisausschuss des Main-Kinzig-Kreises<\/em><\/p>\n<p><strong>Berufliche Laufbahn:<\/strong><\/p>\n<p>2004 \u2013 2006: \u00a0<em>Sachbearbeiterin im <\/em><em>Regionalzentrum Gelnhausen<\/em><\/p>\n<p>2006 \u2013 2009: \u00a0<em>Elternzeit I<\/em><\/p>\n<p>2009:\u00a0 \u00a0 \u00a0 \u00a0 \u00a0 \u00a0 \u00a0 S<em>ekretariat des Albert-Einstein-Gymnasiums Maintal<\/em><\/p>\n<p>2010 \u2013 2011:<em> \u00a0Elternzeit II<\/em><\/p>\n<p>2011-2013:\u00a0\u00a0\u00a0\u00a0 <em>Sachbearbeiterin in der wirtschaftlichen Jugendhilfe des Main-Kinzig-Kreises<\/em><\/p>\n<p>Seit 2014:\u00a0\u00a0\u00a0\u00a0\u00a0\u00a0 <em>interne Gleichstellungsbeauftragte in der Kreisverwaltung des Main-Kinzig-Kreises<\/em><\/p>\n<p><strong>Weitere Qualifikationen:<\/strong><\/p>\n<p><em>Langj\u00e4hrige Berufserfahrung und verschiedene Fort- und Weiterbildungen in den Bereichen Ausbildung, Kommunikation, systemische Beratung, Changemanagement, sowie Personalrecht im \u00f6ffentlichen Dienst<\/em><\/p>\n<p>&nbsp;<\/p>\n<p><strong>31.10.2025:<\/strong><\/p>\n<p>Ende Oktober startete die Verteilung <a href=\"https:\/\/www.buergerliste-linsengericht.de\/wp-content\/uploads\/2025\/12\/BGL_Brosch_A4_Sommertourspecial_Einzelseiten.pdf\" target=\"_blank\" rel=\"noopener\">unserer zweiten Brosch\u00fcre namens &#8222;Sommertour-Special&#8220;<\/a>, die einige R\u00fcckblicke auf die Wahlkampfaktivit\u00e4ten der B\u00fcrgerliste im Sommer 2025 inklusive der Sommertour von B\u00fcrgermeisterkandidatin Nicole Dein, sowie eine Gru\u00dfwort unseres Vorsitzenden Ruben Hundhausen beinhaltet. Vielen Dank an dieser Stelle einmal an die ehrenamtlichen Brosch\u00fcren-Verteilerinnen und -Verteiler aus allen Ortsteilen und Altersklassen, die bereits bei der Verteilung der ersten Brosch\u00fcre im Mai und der Gru\u00dfkarte im August + September geholfen haben: Ohne Euch geht es nicht!<\/p>\n<p>&nbsp;<\/p>\n<p><strong>30.08.2025:<\/strong><\/p>\n<p>Am letzten Augustwochenende startete die Verteilaktion einer Gru\u00dfkarte von B\u00fcrgermeisterkandidatin Nicole Dein unter dem Motto &#8222;DEIN Ort &#8211; DEINE Zukunft&#8220; in die Briefk\u00e4sten aller Linsengerichter Haushalte, die in den Folgetagen durch zahlreiche ehrenamtliche Helfer und Mitglieder der B\u00fcrgerliste Linsengericht stattfand. An die B\u00fcrgerinnen und B\u00fcrger erging die herzliche Einladung, sich unter dem Motto &#8222;DEIN Vorschlag f\u00fcr Linsengericht&#8220; mit ihren jeweiligen Ideen und Anregungen per QR-Code aktiv in den B\u00fcrgermeisterwahlkampf einzubringen.<\/p>\n<p>&nbsp;<\/p>\n<p><strong>07.07.2025:<\/strong><\/p>\n<p>\u201eAm 2. Juli 2025 hat die Gemeindevertretung Linsengericht einstimmig beschlossen, die B\u00fcrgermeisterwahl am 15. M\u00e4rz 2026 und somit gleichzeitig zur Hessischen Kommunalwahl durchzuf\u00fchren. Eine eventuelle Stichwahl um das Amt der B\u00fcrgermeisterin oder des B\u00fcrgermeisters w\u00e4re dann 14 Tage danach, also am Sonntag, den 29. M\u00e4rz 2026. Wir von der B\u00fcrgerliste begr\u00fc\u00dfen diese Festlegung, da somit nicht noch Wahlhelferinnen und Wahlhelfer f\u00fcr einen weiteren Termin ben\u00f6tigt werden.\u201c, so BGL-Gemeindevorstandsmitglied Sebastian Dein.<\/p>\n<p><img loading=\"lazy\" decoding=\"async\" class=\"alignnone wp-image-2075 size-medium\" src=\"https:\/\/www.buergerliste-linsengericht.de\/wp-content\/uploads\/2025\/07\/Wahltermin-festgelegt-200x300.jpg\" alt=\"\" width=\"200\" height=\"300\" \/><\/p>\n<p>Von links: Dirk Seybold, Ruben Hundhausen, Klaus Balzer, Nicole &amp; Sebastian Dein, Mark Trageser<\/p>\n<p>Ruben Hundhausen, 1. Vorsitzender der B\u00fcrgerliste Linsengericht, erg\u00e4nzt: \u201eUnsere Kraft gilt nun der weiteren Unterst\u00fctzung unserer B\u00fcrgermeisterkandidatin Nicole Dein und der Aufstellung einer f\u00fcr die B\u00fcrgerinnen und B\u00fcrger attraktiven Kandidatenliste f\u00fcr die k\u00fcnftige Linsengerichter Gemeindevertretung. Wer uns auf diesem Weg unterst\u00fctzen m\u00f6chte, kann dies gerne \u00fcber die Kontaktdaten auf dieser Homepage oder im pers\u00f6nlichen Gespr\u00e4ch mit einem unserer Mitglieder tun.\u201c<\/p>\n<p>&nbsp;<\/p>\n<p><strong>12.06.2025: <\/strong>Von Juni bis September 2025 startete die &#8222;Sommertour&#8220; von B\u00fcrgermeisterkandidatin Nicole Dein mit der Fraktion der B\u00fcrgerliste zu verschiedensten kommunalpolitischen und gesellschaftlichen Themen durch alle Linsengerichter Ortsteile. Die entsprechenden Presseartikel und Bilder finde Sie im Men\u00fc rechts bei &#8222;Aktuelle Beitr\u00e4ge&#8220;.<\/p>\n<p>&nbsp;<\/p>\n<p><strong>01.05.2025: <\/strong>Die B\u00fcrgerliste Linsengericht hat mit Nicole Dein (Mitte) die erste Kandidatin f\u00fcr den B\u00fcrgermeisterwahlkampf 2026 aufgestellt. Heinz Breitenbach, der Fraktionsvorsitzende der Freien W\u00e4hler im Gemeindeparlament, sein Stellvertreter Ruben Hundhausen (gleichzeitig Vorsitzender der B\u00fcrgerliste) und Carsten Kauck vom Kreisverband Freie W\u00e4hler (v.l.n.r.) sagen ihr ihre Unterst\u00fctzung zu. <a href=\"http:\/\/nicoledein.buergerliste-linsengericht.de\" target=\"_blank\" rel=\"noopener\">Hier finden Sie weitere Informationen.<\/a> Ausf\u00fchrlicher Bericht zur Jahreshauptversammlung der B\u00fcrgerliste Linsengericht am 29.04.2025: <a href=\"https:\/\/www.buergerliste-linsengericht.de\/index.php\/2025\/05\/04\/buergerliste-fwg-linsengericht-nominiert-in-jahreshauptversammlung-nicole-dein-als-buergermeisterkandidatin\/\" target=\"_blank\" rel=\"noopener\">hier&#8230;<\/a><\/p>\n<p><img loading=\"lazy\" decoding=\"async\" class=\"alignnone wp-image-2014 size-medium\" src=\"https:\/\/www.buergerliste-linsengericht.de\/wp-content\/uploads\/2025\/05\/Nominierung-in-Jahreshauptversammlung-29.04.2025-300x225.jpg\" alt=\"\" width=\"300\" height=\"225\" \/><\/p>\n<p>&nbsp;<\/p>\n<p>Alle aktuelleren Presseartikel und die Sommertour unserer Kandidatin zusammen mit der Fraktion finden Sie im Men\u00fc rechts bei &#8222;Aktuelle Beitr\u00e4ge&#8220;.<\/p>\n<p>Im Mai 2025 wurde zudem eine erste Brosch\u00fcre durch zahlreiche ehrenamtliche Helferinnen und Helfer in alle Linsengerichter Haushalte verteilt:\u00a0<a href=\"https:\/\/www.buergerliste-linsengericht.de\/wp-content\/uploads\/2025\/05\/BGL_Brosch_A4_04_Einzelseiten.pdf\" target=\"_blank\" rel=\"noopener\">Hier gelangen Sie direkt zu unserer Brosch\u00fcre &#8222;Wir informieren&#8220; aus Mai 2025.<\/a><\/p>\n","protected":false},"excerpt":{"rendered":"<p>&#8211;&gt; Direkt zu Homepage von B\u00fcrgermeisterkandidatin Nicole Dein &#8211;&gt; Zum Online-Briefwahlantrag der Gemeinde Linsengericht &#8211;&gt; Zur Facebookseite der Freien W\u00e4hlergemeinschaft \/ B\u00fcrgerliste Linsengericht &#8211;&gt; Zur Instagram-Seite der Freie W\u00e4hlergemeinschaft \/ B\u00fcrgerliste Linsengericht &#8211;&gt; F\u00dcR Unentschlossene: Link zur Podiumsdiskussion der Gelnh\u00e4user Neuen Zeitung (GNZ) mit den 5 anderen Kandidaten, die am 25.02. im B\u00fcrgersaal Eidenges\u00e4\u00df stattfand. [&hellip;]<\/p>\n","protected":false},"author":3,"featured_media":0,"parent":0,"menu_order":0,"comment_status":"closed","ping_status":"closed","template":"","meta":{"_et_pb_use_builder":"","_et_pb_old_content":"","_et_gb_content_width":"","footnotes":""},"class_list":["post-1996","page","type-page","status-publish","hentry"],"_links":{"self":[{"href":"https:\/\/www.buergerliste-linsengericht.de\/index.php\/wp-json\/wp\/v2\/pages\/1996","targetHints":{"allow":["GET"]}}],"collection":[{"href":"https:\/\/www.buergerliste-linsengericht.de\/index.php\/wp-json\/wp\/v2\/pages"}],"about":[{"href":"https:\/\/www.buergerliste-linsengericht.de\/index.php\/wp-json\/wp\/v2\/types\/page"}],"author":[{"embeddable":true,"href":"https:\/\/www.buergerliste-linsengericht.de\/index.php\/wp-json\/wp\/v2\/users\/3"}],"replies":[{"embeddable":true,"href":"https:\/\/www.buergerliste-linsengericht.de\/index.php\/wp-json\/wp\/v2\/comments?post=1996"}],"version-history":[{"count":61,"href":"https:\/\/www.buergerliste-linsengericht.de\/index.php\/wp-json\/wp\/v2\/pages\/1996\/revisions"}],"predecessor-version":[{"id":2464,"href":"https:\/\/www.buergerliste-linsengericht.de\/index.php\/wp-json\/wp\/v2\/pages\/1996\/revisions\/2464"}],"wp:attachment":[{"href":"https:\/\/www.buergerliste-linsengericht.de\/index.php\/wp-json\/wp\/v2\/media?parent=1996"}],"curies":[{"name":"wp","href":"https:\/\/api.w.org\/{rel}","templated":true}]}}